{"id":151,"date":"2018-03-10T16:56:19","date_gmt":"2018-03-10T16:56:19","guid":{"rendered":"https:\/\/www.ref-cordast.ch\/?page_id=151"},"modified":"2023-11-04T06:39:40","modified_gmt":"2023-11-04T06:39:40","slug":"erwachsene","status":"publish","type":"page","link":"https:\/\/ref-cordast.ch\/fr\/aktivitaeten\/erwachsene\/","title":{"rendered":"Adultes"},"content":{"rendered":"<p>\u00c9glise r\u00e9form\u00e9e Cordast<\/i><\/p><\/div><div class=\"eventschatten\"><a href=\"https:\/\/ref-cordast.ch\/fr\/events\/generationentisch-2026-05-06\/\"><img loading=\"lazy\" decoding=\"async\" width=\"200\" height=\"120\" src=\"https:\/\/ref-cordast.ch\/wp-content\/uploads\/2022\/08\/Generationentisch_neu2.jpg\" class=\"attachment-200x120 size-200x120 wp-post-image\" alt=\"Generationentisch - Repas-rencontres\" \/><\/a><\/div>\r\n<div style=\"margin-left: 220px; height: 150px\"><span style=\"color: white; background-color: #08324d; padding: 2px 10px;\">06.05.2026 \u2022 11.45<\/span>\r\n<h3 style=\"padding-top: 20px;\"><a href=\"https:\/\/ref-cordast.ch\/fr\/events\/generationentisch-2026-05-06\/\">Generationentisch - Repas-rencontres<\/a><\/h3>\r\n                <p><i>Centre paroissial Cordast<\/i><\/p><\/div><div class=\"eventschatten\"><a href=\"https:\/\/ref-cordast.ch\/fr\/events\/fahrt-ins-blaue-9\/\"><img loading=\"lazy\" decoding=\"async\" width=\"200\" height=\"120\" src=\"https:\/\/ref-cordast.ch\/wp-content\/uploads\/2018\/04\/Leicht_bew\u00f6lkter_Himmel-e1525163815496-300x180.jpg\" class=\"attachment-200x120 size-200x120 wp-post-image\" alt=\"Fahrt ins Blaue - Voyage surprise pour seniors\" srcset=\"https:\/\/ref-cordast.ch\/wp-content\/uploads\/2018\/04\/Leicht_bew\u00f6lkter_Himmel-e1525163815496-300x180.jpg 300w, https:\/\/ref-cordast.ch\/wp-content\/uploads\/2018\/04\/Leicht_bew\u00f6lkter_Himmel-e1525163815496-768x461.jpg 768w, https:\/\/ref-cordast.ch\/wp-content\/uploads\/2018\/04\/Leicht_bew\u00f6lkter_Himmel-e1525163815496-1024x615.jpg 1024w\" sizes=\"auto, (max-width: 200px) 100vw, 200px\" \/><\/a><\/div>\r\n<div style=\"margin-left: 220px; height: 150px\"><span style=\"color: white; background-color: #08324d; padding: 2px 10px;\">13.05.2026 \u2022 08.15<\/span>\r\n<h3 style=\"padding-top: 20px;\"><a href=\"https:\/\/ref-cordast.ch\/fr\/events\/fahrt-ins-blaue-9\/\">Fahrt ins Blaue - Voyage surprise pour seniors<\/a><\/h3>\r\n                <\/div><div class=\"eventschatten\"><a href=\"https:\/\/ref-cordast.ch\/fr\/events\/wandergruppe-60plus-groupe-de-randonnee-60plus-4\/\"><img loading=\"lazy\" decoding=\"async\" width=\"200\" height=\"111\" src=\"https:\/\/ref-cordast.ch\/wp-content\/uploads\/2018\/04\/141249_51b61f76fa5dbc6db8b24b50b7f1f8e7-cachekey1519120221.jpg\" class=\"attachment-200x120 size-200x120 wp-post-image\" alt=\"Wandergruppe 60plus - Groupe de randonn\u00e9e 60plus\" srcset=\"https:\/\/ref-cordast.ch\/wp-content\/uploads\/2018\/04\/141249_51b61f76fa5dbc6db8b24b50b7f1f8e7-cachekey1519120221.jpg 664w, https:\/\/ref-cordast.ch\/wp-content\/uploads\/2018\/04\/141249_51b61f76fa5dbc6db8b24b50b7f1f8e7-cachekey1519120221-300x167.jpg 300w\" sizes=\"auto, (max-width: 200px) 100vw, 200px\" \/><\/a><\/div>\r\n<div style=\"margin-left: 220px; height: 150px\"><span style=\"color: white; background-color: #08324d; padding: 2px 10px;\">19.05.2026 \u2022 13.00<\/span>\r\n<h3 style=\"padding-top: 20px;\"><a href=\"https:\/\/ref-cordast.ch\/fr\/events\/wandergruppe-60plus-groupe-de-randonnee-60plus-4\/\">Wandergruppe 60plus - Groupe de randonn\u00e9e 60plus<\/a><\/h3>\r\n                <\/div><div class=\"eventschatten\"><a href=\"https:\/\/ref-cordast.ch\/fr\/events\/groupe-echanges-partages-14\/\"><img loading=\"lazy\" decoding=\"async\" width=\"200\" height=\"120\" src=\"https:\/\/ref-cordast.ch\/wp-content\/uploads\/2023\/02\/Logo_petit-300x180.png\" class=\"attachment-200x120 size-200x120 wp-post-image\" alt=\"Groupe \u00e9changes &amp; partages\" srcset=\"https:\/\/ref-cordast.ch\/wp-content\/uploads\/2023\/02\/Logo_petit-300x180.png 300w, https:\/\/ref-cordast.ch\/wp-content\/uploads\/2023\/02\/Logo_petit.png 600w\" sizes=\"auto, (max-width: 200px) 100vw, 200px\" \/><\/a><\/div>\r\n<div style=\"margin-left: 220px; height: 150px\"><span style=\"color: white; background-color: #08324d; padding: 2px 10px;\">19.05.2026 \u2022 19.30<\/span>\r\n<h3 style=\"padding-top: 20px;\"><a href=\"https:\/\/ref-cordast.ch\/fr\/events\/groupe-echanges-partages-14\/\">Groupe \u00e9changes &amp; partages<\/a><\/h3>\r\n                <\/div><div class=\"eventschatten\"><a href=\"https:\/\/ref-cordast.ch\/fr\/events\/lektueregruppe-mitte-des-lebens-3\/\"><img loading=\"lazy\" decoding=\"async\" width=\"74\" height=\"120\" src=\"https:\/\/ref-cordast.ch\/wp-content\/uploads\/2026\/01\/ARTK_CT4_9783446280885_0001-scaled.jpg\" class=\"attachment-200x120 size-200x120 wp-post-image\" alt=\"Lekt\u00fcregruppe \u00ab Mitte des Lebens \u00bb\" srcset=\"https:\/\/ref-cordast.ch\/wp-content\/uploads\/2026\/01\/ARTK_CT4_9783446280885_0001-scaled.jpg 1568w, https:\/\/ref-cordast.ch\/wp-content\/uploads\/2026\/01\/ARTK_CT4_9783446280885_0001-184x300.jpg 184w, https:\/\/ref-cordast.ch\/wp-content\/uploads\/2026\/01\/ARTK_CT4_9783446280885_0001-627x1024.jpg 627w, https:\/\/ref-cordast.ch\/wp-content\/uploads\/2026\/01\/ARTK_CT4_9783446280885_0001-768x1254.jpg 768w, https:\/\/ref-cordast.ch\/wp-content\/uploads\/2026\/01\/ARTK_CT4_9783446280885_0001-941x1536.jpg 941w, https:\/\/ref-cordast.ch\/wp-content\/uploads\/2026\/01\/ARTK_CT4_9783446280885_0001-1254x2048.jpg 1254w\" sizes=\"auto, (max-width: 74px) 100vw, 74px\" \/><\/a><\/div>\r\n<div style=\"margin-left: 220px; height: 150px\"><span style=\"color: white; background-color: #08324d; padding: 2px 10px;\">20.05.2026 \u2022 08.30<\/span>\r\n<h3 style=\"padding-top: 20px;\"><a href=\"https:\/\/ref-cordast.ch\/fr\/events\/lektueregruppe-mitte-des-lebens-3\/\">Lekt\u00fcregruppe \u00ab Mitte des Lebens \u00bb<\/a><\/h3>\r\n                <p><i>Centre paroissial Cordast<\/i><\/p><\/div><div class=\"eventschatten\"><a href=\"https:\/\/ref-cordast.ch\/fr\/events\/eine-kirche-in-cordast-fuer-junge-menschen-mitdenken-und-mitplanen\/\"><img loading=\"lazy\" decoding=\"async\" width=\"200\" height=\"120\" src=\"https:\/\/ref-cordast.ch\/wp-content\/uploads\/2022\/08\/Jugendanlass.png\" class=\"attachment-200x120 size-200x120 wp-post-image\" alt=\"Eine Kirche in Cordast f\u00fcr junge Menschen: Mitdenken und Mitplanen\" \/><\/a><\/div>\r\n<div style=\"margin-left: 220px; height: 150px\"><span style=\"color: white; background-color: #08324d; padding: 2px 10px;\">20.05.2026 \u2022 19.00<\/span>\r\n<h3 style=\"padding-top: 20px;\"><a href=\"https:\/\/ref-cordast.ch\/fr\/events\/eine-kirche-in-cordast-fuer-junge-menschen-mitdenken-und-mitplanen\/\">Eine Kirche in Cordast f\u00fcr junge Menschen: Mitdenken und Mitplanen<\/a><\/h3>\r\n                <p><i>Centre paroissial Cordast<\/i><\/p><\/div>\t<\/div>\r\n<\/div>\n\n\n\n<p><a href=\"http:\/\/www.ref-cordast.ch\/aktivitaeten\/\">\u00bb weitere &nbsp;Anl\u00e4sse f\u00fcr alle Generationen<\/a><\/p>\n\n\n\n<h3 class=\"wp-block-heading\"><strong>\u00c9v\u00e9nements actuels pour personnes adultes<\/strong><\/h3>\n\n\n\n<div class=\"em-view-container\" id=\"em-view-762486018\" data-view=\"list\">\r\n\t<div class=\"em-list em-events-list\" id=\"em-events-list-762486018\" data-view-id=\"762486018\">\r\n\t<div class=\"eventschatten\"><a href=\"https:\/\/ref-cordast.ch\/fr\/events\/abschiedsgottesdienst-estelle-zbinden-ceremonie-dadieu-destelle-zbinden\/\"><img loading=\"lazy\" decoding=\"async\" width=\"160\" height=\"120\" src=\"https:\/\/ref-cordast.ch\/wp-content\/uploads\/2018\/04\/Ref_Kirche_Cordast.jpg\" class=\"attachment-200x120 size-200x120 wp-post-image\" alt=\"Culte de d\u00e9part - Verabschiedungsgottesdienst\" srcset=\"https:\/\/ref-cordast.ch\/wp-content\/uploads\/2018\/04\/Ref_Kirche_Cordast.jpg 2019w, https:\/\/ref-cordast.ch\/wp-content\/uploads\/2018\/04\/Ref_Kirche_Cordast-300x225.jpg 300w, https:\/\/ref-cordast.ch\/wp-content\/uploads\/2018\/04\/Ref_Kirche_Cordast-768x576.jpg 768w, https:\/\/ref-cordast.ch\/wp-content\/uploads\/2018\/04\/Ref_Kirche_Cordast-1024x768.jpg 1024w\" sizes=\"auto, (max-width: 160px) 100vw, 160px\" \/><\/a><\/div>\r\n<div style=\"margin-left: 220px; height: 150px\"><span style=\"color: white; background-color: #08324d; padding: 2px 10px;\">03.05.2026 \u2022 18.00<\/span>\r\n<h3 style=\"padding-top: 20px;\"><a href=\"https:\/\/ref-cordast.ch\/fr\/events\/abschiedsgottesdienst-estelle-zbinden-ceremonie-dadieu-destelle-zbinden\/\">Culte de d\u00e9part - Verabschiedungsgottesdienst<\/a><\/h3>\r\n                <p><i>\u00c9glise r\u00e9form\u00e9e Cordast<\/i><\/p><\/div><div class=\"eventschatten\"><a href=\"https:\/\/ref-cordast.ch\/fr\/events\/generationentisch-2026-05-06\/\"><img loading=\"lazy\" decoding=\"async\" width=\"200\" height=\"120\" src=\"https:\/\/ref-cordast.ch\/wp-content\/uploads\/2022\/08\/Generationentisch_neu2.jpg\" class=\"attachment-200x120 size-200x120 wp-post-image\" alt=\"Generationentisch - Repas-rencontres\" \/><\/a><\/div>\r\n<div style=\"margin-left: 220px; height: 150px\"><span style=\"color: white; background-color: #08324d; padding: 2px 10px;\">06.05.2026 \u2022 11.45<\/span>\r\n<h3 style=\"padding-top: 20px;\"><a href=\"https:\/\/ref-cordast.ch\/fr\/events\/generationentisch-2026-05-06\/\">Generationentisch - Repas-rencontres<\/a><\/h3>\r\n                <p><i>Centre paroissial Cordast<\/i><\/p><\/div><div class=\"eventschatten\"><a href=\"https:\/\/ref-cordast.ch\/fr\/events\/fahrt-ins-blaue-9\/\"><img loading=\"lazy\" decoding=\"async\" width=\"200\" height=\"120\" src=\"https:\/\/ref-cordast.ch\/wp-content\/uploads\/2018\/04\/Leicht_bew\u00f6lkter_Himmel-e1525163815496-300x180.jpg\" class=\"attachment-200x120 size-200x120 wp-post-image\" alt=\"Fahrt ins Blaue - Voyage surprise pour seniors\" srcset=\"https:\/\/ref-cordast.ch\/wp-content\/uploads\/2018\/04\/Leicht_bew\u00f6lkter_Himmel-e1525163815496-300x180.jpg 300w, https:\/\/ref-cordast.ch\/wp-content\/uploads\/2018\/04\/Leicht_bew\u00f6lkter_Himmel-e1525163815496-768x461.jpg 768w, https:\/\/ref-cordast.ch\/wp-content\/uploads\/2018\/04\/Leicht_bew\u00f6lkter_Himmel-e1525163815496-1024x615.jpg 1024w\" sizes=\"auto, (max-width: 200px) 100vw, 200px\" \/><\/a><\/div>\r\n<div style=\"margin-left: 220px; height: 150px\"><span style=\"color: white; background-color: #08324d; padding: 2px 10px;\">13.05.2026 \u2022 08.15<\/span>\r\n<h3 style=\"padding-top: 20px;\"><a href=\"https:\/\/ref-cordast.ch\/fr\/events\/fahrt-ins-blaue-9\/\">Fahrt ins Blaue - Voyage surprise pour seniors<\/a><\/h3>\r\n                <\/div><div class=\"eventschatten\"><a href=\"https:\/\/ref-cordast.ch\/fr\/events\/wandergruppe-60plus-groupe-de-randonnee-60plus-4\/\"><img loading=\"lazy\" decoding=\"async\" width=\"200\" height=\"111\" src=\"https:\/\/ref-cordast.ch\/wp-content\/uploads\/2018\/04\/141249_51b61f76fa5dbc6db8b24b50b7f1f8e7-cachekey1519120221.jpg\" class=\"attachment-200x120 size-200x120 wp-post-image\" alt=\"Wandergruppe 60plus - Groupe de randonn\u00e9e 60plus\" srcset=\"https:\/\/ref-cordast.ch\/wp-content\/uploads\/2018\/04\/141249_51b61f76fa5dbc6db8b24b50b7f1f8e7-cachekey1519120221.jpg 664w, https:\/\/ref-cordast.ch\/wp-content\/uploads\/2018\/04\/141249_51b61f76fa5dbc6db8b24b50b7f1f8e7-cachekey1519120221-300x167.jpg 300w\" sizes=\"auto, (max-width: 200px) 100vw, 200px\" \/><\/a><\/div>\r\n<div style=\"margin-left: 220px; height: 150px\"><span style=\"color: white; background-color: #08324d; padding: 2px 10px;\">19.05.2026 \u2022 13.00<\/span>\r\n<h3 style=\"padding-top: 20px;\"><a href=\"https:\/\/ref-cordast.ch\/fr\/events\/wandergruppe-60plus-groupe-de-randonnee-60plus-4\/\">Wandergruppe 60plus - Groupe de randonn\u00e9e 60plus<\/a><\/h3>\r\n                <\/div><div class=\"eventschatten\"><a href=\"https:\/\/ref-cordast.ch\/fr\/events\/groupe-echanges-partages-14\/\"><img loading=\"lazy\" decoding=\"async\" width=\"200\" height=\"120\" src=\"https:\/\/ref-cordast.ch\/wp-content\/uploads\/2023\/02\/Logo_petit-300x180.png\" class=\"attachment-200x120 size-200x120 wp-post-image\" alt=\"Groupe \u00e9changes &amp; partages\" srcset=\"https:\/\/ref-cordast.ch\/wp-content\/uploads\/2023\/02\/Logo_petit-300x180.png 300w, https:\/\/ref-cordast.ch\/wp-content\/uploads\/2023\/02\/Logo_petit.png 600w\" sizes=\"auto, (max-width: 200px) 100vw, 200px\" \/><\/a><\/div>\r\n<div style=\"margin-left: 220px; height: 150px\"><span style=\"color: white; background-color: #08324d; padding: 2px 10px;\">19.05.2026 \u2022 19.30<\/span>\r\n<h3 style=\"padding-top: 20px;\"><a href=\"https:\/\/ref-cordast.ch\/fr\/events\/groupe-echanges-partages-14\/\">Groupe \u00e9changes &amp; partages<\/a><\/h3>\r\n                <\/div>\t<\/div>\r\n<\/div>\n\n\n\n<p><a href=\"http:\/\/www.ref-cordast.ch\/aktivitaeten\/\">\u00bb autres \u00e9v\u00e9nements pour toutes les g\u00e9n\u00e9rations<\/a><\/p>","protected":false},"excerpt":{"rendered":"<p>\u00c9v\u00e9nements actuels pour personnes adultes \u00bb autres \u00e9v\u00e9nements pour toutes les g\u00e9n\u00e9rations<\/p>\n","protected":false},"author":9,"featured_media":0,"parent":158,"menu_order":0,"comment_status":"closed","ping_status":"closed","template":"","meta":{"footnotes":""},"class_list":["post-151","page","type-page","status-publish","hentry"],"_links":{"self":[{"href":"https:\/\/ref-cordast.ch\/fr\/wp-json\/wp\/v2\/pages\/151","targetHints":{"allow":["GET"]}}],"collection":[{"href":"https:\/\/ref-cordast.ch\/fr\/wp-json\/wp\/v2\/pages"}],"about":[{"href":"https:\/\/ref-cordast.ch\/fr\/wp-json\/wp\/v2\/types\/page"}],"author":[{"embeddable":true,"href":"https:\/\/ref-cordast.ch\/fr\/wp-json\/wp\/v2\/users\/9"}],"replies":[{"embeddable":true,"href":"https:\/\/ref-cordast.ch\/fr\/wp-json\/wp\/v2\/comments?post=151"}],"version-history":[{"count":26,"href":"https:\/\/ref-cordast.ch\/fr\/wp-json\/wp\/v2\/pages\/151\/revisions"}],"predecessor-version":[{"id":5758,"href":"https:\/\/ref-cordast.ch\/fr\/wp-json\/wp\/v2\/pages\/151\/revisions\/5758"}],"up":[{"embeddable":true,"href":"https:\/\/ref-cordast.ch\/fr\/wp-json\/wp\/v2\/pages\/158"}],"wp:attachment":[{"href":"https:\/\/ref-cordast.ch\/fr\/wp-json\/wp\/v2\/media?parent=151"}],"curies":[{"name":"wp","href":"https:\/\/api.w.org\/{rel}","templated":true}]}}